{"id":418,"date":"2022-01-28T16:25:45","date_gmt":"2022-01-28T15:25:45","guid":{"rendered":"https:\/\/torun.tech\/?page_id=418"},"modified":"2024-10-11T13:46:23","modified_gmt":"2024-10-11T11:46:23","slug":"communication-device-for-hospitals","status":"publish","type":"page","link":"https:\/\/torun.tech\/en\/communication-device-for-hospitals\/","title":{"rendered":"Communication device for hospitals"},"content":{"rendered":"<p>[et_pb_section fb_built=&#8221;1&#8243; _builder_version=&#8221;4.27.2&#8243; hover_enabled=&#8221;0&#8243; global_colors_info=&#8221;{}&#8221; custom_padding_last_edited=&#8221;on|phone&#8221; custom_padding_phone=&#8221;|12px||12px|false|false&#8221; sticky_enabled=&#8221;0&#8243; custom_padding_tablet=&#8221;|30px||30px|false|false&#8221;][et_pb_row _builder_version=&#8221;4.27.2&#8243; background_size=&#8221;initial&#8221; background_position=&#8221;top_left&#8221; background_repeat=&#8221;repeat&#8221; width=&#8221;100%&#8221; hover_enabled=&#8221;0&#8243; global_colors_info=&#8221;{}&#8221; custom_margin_last_edited=&#8221;on|phone&#8221; sticky_enabled=&#8221;0&#8243;][et_pb_column type=&#8221;4_4&#8243; _builder_version=&#8221;4.16&#8243; custom_padding=&#8221;|||&#8221; global_colors_info=&#8221;{}&#8221; custom_padding__hover=&#8221;|||&#8221;][et_pb_text content_tablet=&#8221;<\/p>\n<div class=%22et_pb_module et_pb_image et_pb_image_0%22><span class=%22et_pb_image_wrap %22><img class=%22wp-image-323%22 title=%22logoEU%22 src=%22https:\/\/torun.tech\/wp-content\/uploads\/2021\/05\/logoEU.jpg%22 sizes=%22(min-width: 0px) and (max-width: 480px) 480px, (min-width: 481px) and (max-width: 980px) 980px, (min-width: 981px) 1163px, 100vw%22 srcset=%22https:\/\/torun.tech\/wp-content\/uploads\/2021\/05\/logoEU.jpg 1163w, https:\/\/torun.tech\/wp-content\/uploads\/2021\/05\/logoEU-980x104.jpg 980w, https:\/\/torun.tech\/wp-content\/uploads\/2021\/05\/logoEU-480x51.jpg 480w%22 alt=%22%22 width=%221163%22 height=%22123%22 \/><\/span><\/div>\n<div class=%22et_pb_module et_pb_text et_pb_text_0 et_pb_text_align_left et_pb_bg_layout_light%22>\n<div class=%22et_pb_text_inner%22>\n<p align=%22justify%22 style=%22text-align: center;%22><strong>Nowatorski system do zintegrowanej komunikacji i monitoringu audio-wideo czasu rzeczywistego dla pacjent\u00f3w COVID-19<\/strong><\/p>\n<p>System komunikacyjny specjalizowany dla o\u015brodk\u00f3w medycznych. W odr\u00f3\u017cnieniu od powszechnie dost\u0119pnych rozwi\u0105za\u0144 telekomunikacyjnych, umo\u017cliwia ci\u0105g\u0142y monitoring pacjent\u00f3w, natychmiastowy zdalny kontakt, zdalne konsultacje lekarskie oraz rozmowy z rodzin\u0105. Pacjent kontaktuje si\u0119 w intuicyjny spos\u00f3b poprzez bezprzewodowy przycisk. Umawianie konsultacji, rozm\u00f3w oraz monitoring realizowane s\u0105 zdalnie, dzi\u0119ki czemu ryzyko zaka\u017cenia personelu medycznego jest mniejsze przy cz\u0119stszym kontakcie werbalnym.<\/p>\n<\/div>\n<\/div>\n<div class=%22et_pb_module et_pb_text et_pb_text_1 et_pb_text_align_right et_pb_bg_layout_light%22>\n<div class=%22et_pb_text_inner%22>\n<p>%91gallery columns=%224%22 size=%22medium%22 link=%22file%22 ids=%22389,388,387,386%22 orderby=%22rand%22%93<\/p>\n<p>System otrzyma\u0142\u00a0<a href=%22https:\/\/liderzy.tarr.org.pl\/%22>wyr\u00f3\u017cnienie<\/a>\u00a0w konkursie\u00a0<strong>Liderzy Innowacji Pomorza i Kujaw 2021\u00a0<\/strong>w kategorii Mikroprzedsi\u0119biorstwo. Podzi\u0119kowania dla ca\u0142ego zespo\u0142u za trud w\u0142o\u017cony w rozw\u00f3j tego pomys\u0142u. Dzi\u0119kuj\u0119 Piotrowi, Mateuszowi i Radkowi !<\/p>\n<p align=%22justify%22><img class=%22aligncenter wp-image-395 size-full%22 src=%22https:\/\/torun.tech\/wp-content\/uploads\/2021\/11\/DSC05309podpis-scaled.jpg%22 alt=%22%22 width=%222560%22 height=%221707%22 \/><\/p>\n<p align=%22justify%22>\n<\/div>\n<\/div>\n<p>&#8221; content_phone=&#8221;<\/p>\n<div class=%22et_pb_module et_pb_image et_pb_image_0%22><span class=%22et_pb_image_wrap %22><img class=%22wp-image-323%22 title=%22logoEU%22 src=%22https:\/\/torun.tech\/wp-content\/uploads\/2021\/05\/logoEU.jpg%22 sizes=%22(min-width: 0px) and (max-width: 480px) 480px, (min-width: 481px) and (max-width: 980px) 980px, (min-width: 981px) 1163px, 100vw%22 srcset=%22https:\/\/torun.tech\/wp-content\/uploads\/2021\/05\/logoEU.jpg 1163w, https:\/\/torun.tech\/wp-content\/uploads\/2021\/05\/logoEU-980x104.jpg 980w, https:\/\/torun.tech\/wp-content\/uploads\/2021\/05\/logoEU-480x51.jpg 480w%22 alt=%22%22 width=%221163%22 height=%22123%22 \/><\/span><\/div>\n<div class=%22et_pb_module et_pb_text et_pb_text_0 et_pb_text_align_left et_pb_bg_layout_light%22>\n<div class=%22et_pb_text_inner%22>\n<p align=%22justify%22 style=%22text-align: center;%22><strong>Nowatorski system do zintegrowanej komunikacji i monitoringu audio-wideo czasu rzeczywistego dla pacjent\u00f3w COVID-19<\/strong><\/p>\n<p>System komunikacyjny specjalizowany dla o\u015brodk\u00f3w medycznych. W odr\u00f3\u017cnieniu od powszechnie dost\u0119pnych rozwi\u0105za\u0144 telekomunikacyjnych, umo\u017cliwia ci\u0105g\u0142y monitoring pacjent\u00f3w, natychmiastowy zdalny kontakt, zdalne konsultacje lekarskie oraz rozmowy z rodzin\u0105. Pacjent kontaktuje si\u0119 w intuicyjny spos\u00f3b poprzez bezprzewodowy przycisk. Umawianie konsultacji, rozm\u00f3w oraz monitoring realizowane s\u0105 zdalnie, dzi\u0119ki czemu ryzyko zaka\u017cenia personelu medycznego jest mniejsze przy cz\u0119stszym kontakcie werbalnym.<\/p>\n<\/div>\n<\/div>\n<div class=%22et_pb_module et_pb_text et_pb_text_1 et_pb_text_align_right et_pb_bg_layout_light%22>\n<div class=%22et_pb_text_inner%22>\n<p>%91gallery columns=%222%22 size=%22medium%22 link=%22file%22 ids=%22389,388,387,386%22 orderby=%22rand%22%93<\/p>\n<p>System otrzyma\u0142\u00a0<a href=%22https:\/\/liderzy.tarr.org.pl\/%22>wyr\u00f3\u017cnienie<\/a>\u00a0w konkursie\u00a0<strong>Liderzy Innowacji Pomorza i Kujaw 2021\u00a0<\/strong>w kategorii Mikroprzedsi\u0119biorstwo. Podzi\u0119kowania dla ca\u0142ego zespo\u0142u za trud w\u0142o\u017cony w rozw\u00f3j tego pomys\u0142u. Dzi\u0119kuj\u0119 Piotrowi, Mateuszowi i Radkowi !<\/p>\n<p align=%22justify%22><img class=%22aligncenter wp-image-395 size-full%22 src=%22https:\/\/torun.tech\/wp-content\/uploads\/2021\/11\/DSC05309podpis-scaled.jpg%22 alt=%22%22 width=%222560%22 height=%221707%22 \/><\/p>\n<p align=%22justify%22>\n<\/div>\n<\/div>\n<p>&#8221; content_last_edited=&#8221;on|phone&#8221; _builder_version=&#8221;4.27.2&#8243; background_size=&#8221;initial&#8221; background_position=&#8221;top_left&#8221; background_repeat=&#8221;repeat&#8221; hover_enabled=&#8221;0&#8243; custom_css_free_form=&#8221;.gallery-item a{||  margin: auto;||}&#8221; global_colors_info=&#8221;{}&#8221; sticky_enabled=&#8221;0&#8243;]<\/p>\n<div class=\"et_pb_module et_pb_image et_pb_image_0\"><span class=\"et_pb_image_wrap \"><img loading=\"lazy\" class=\"wp-image-323\" title=\"logoEU\" src=\"https:\/\/torun.tech\/wp-content\/uploads\/2021\/05\/logoEU.jpg\" sizes=\"(min-width: 0px) and (max-width: 480px) 480px, (min-width: 481px) and (max-width: 980px) 980px, (min-width: 981px) 1163px, 100vw\" srcset=\"https:\/\/torun.tech\/wp-content\/uploads\/2021\/05\/logoEU.jpg 1163w, https:\/\/torun.tech\/wp-content\/uploads\/2021\/05\/logoEU-980x104.jpg 980w, https:\/\/torun.tech\/wp-content\/uploads\/2021\/05\/logoEU-480x51.jpg 480w\" alt=\"\" width=\"1163\" height=\"123\" \/><\/span><\/div>\n<div class=\"et_pb_module et_pb_text et_pb_text_0 et_pb_text_align_left et_pb_bg_layout_light\">\n<div class=\"et_pb_text_inner\">\n<p align=\"justify\" style=\"text-align: center;\"><strong>Nowatorski system do zintegrowanej komunikacji i monitoringu audio-wideo czasu rzeczywistego dla pacjent\u00f3w COVID-19<\/strong><\/p>\n<p>System komunikacyjny specjalizowany dla o\u015brodk\u00f3w medycznych. W odr\u00f3\u017cnieniu od powszechnie dost\u0119pnych rozwi\u0105za\u0144 telekomunikacyjnych, umo\u017cliwia ci\u0105g\u0142y monitoring pacjent\u00f3w, natychmiastowy zdalny kontakt, zdalne konsultacje lekarskie oraz rozmowy z rodzin\u0105. Pacjent kontaktuje si\u0119 w intuicyjny spos\u00f3b poprzez bezprzewodowy przycisk. Umawianie konsultacji, rozm\u00f3w oraz monitoring realizowane s\u0105 zdalnie, dzi\u0119ki czemu ryzyko zaka\u017cenia personelu medycznego jest mniejsze przy cz\u0119stszym kontakcie werbalnym.<\/p>\n<\/div>\n<\/div>\n<div class=\"et_pb_module et_pb_text et_pb_text_1 et_pb_text_align_right et_pb_bg_layout_light\">\n<div class=\"et_pb_text_inner\">\n\n\t\t<style type=\"text\/css\">\n\t\t\t#gallery-1 {\n\t\t\t\tmargin: auto;\n\t\t\t}\n\t\t\t#gallery-1 .gallery-item {\n\t\t\t\tfloat: left;\n\t\t\t\tmargin-top: 10px;\n\t\t\t\ttext-align: center;\n\t\t\t\twidth: 25%;\n\t\t\t}\n\t\t\t#gallery-1 img {\n\t\t\t\tborder: 2px solid #cfcfcf;\n\t\t\t}\n\t\t\t#gallery-1 .gallery-caption {\n\t\t\t\tmargin-left: 0;\n\t\t\t}\n\t\t\t\/* see gallery_shortcode() in wp-includes\/media.php *\/\n\t\t<\/style>\n\t\t<div id='gallery-1' class='gallery galleryid-418 gallery-columns-4 gallery-size-medium'><dl class='gallery-item'>\n\t\t\t<dt class='gallery-icon landscape'>\n\t\t\t\t<a href='https:\/\/torun.tech\/wp-content\/uploads\/2021\/11\/MG_6117-scaled.jpg'><img width=\"300\" height=\"200\" src=\"https:\/\/torun.tech\/wp-content\/uploads\/2021\/11\/MG_6117-300x200.jpg\" class=\"attachment-medium size-medium\" alt=\"\" loading=\"lazy\" \/><\/a>\n\t\t\t<\/dt><\/dl><dl class='gallery-item'>\n\t\t\t<dt class='gallery-icon landscape'>\n\t\t\t\t<a href='https:\/\/torun.tech\/wp-content\/uploads\/2021\/11\/MG_6105-scaled.jpg'><img width=\"300\" height=\"200\" src=\"https:\/\/torun.tech\/wp-content\/uploads\/2021\/11\/MG_6105-300x200.jpg\" class=\"attachment-medium size-medium\" alt=\"\" loading=\"lazy\" \/><\/a>\n\t\t\t<\/dt><\/dl><dl class='gallery-item'>\n\t\t\t<dt class='gallery-icon landscape'>\n\t\t\t\t<a href='https:\/\/torun.tech\/wp-content\/uploads\/2021\/11\/MG_6176-scaled.jpg'><img width=\"300\" height=\"200\" src=\"https:\/\/torun.tech\/wp-content\/uploads\/2021\/11\/MG_6176-300x200.jpg\" class=\"attachment-medium size-medium\" alt=\"\" loading=\"lazy\" \/><\/a>\n\t\t\t<\/dt><\/dl><dl class='gallery-item'>\n\t\t\t<dt class='gallery-icon landscape'>\n\t\t\t\t<a href='https:\/\/torun.tech\/wp-content\/uploads\/2021\/11\/MG_6112-scaled.jpg'><img width=\"300\" height=\"200\" src=\"https:\/\/torun.tech\/wp-content\/uploads\/2021\/11\/MG_6112-300x200.jpg\" class=\"attachment-medium size-medium\" alt=\"\" loading=\"lazy\" \/><\/a>\n\t\t\t<\/dt><\/dl><br style=\"clear: both\" \/>\n\t\t<\/div>\n\n<p style=\"text-align: left;\">System otrzyma\u0142\u00a0<a href=\"https:\/\/liderzy.tarr.org.pl\/\">wyr\u00f3\u017cnienie<\/a>\u00a0w konkursie\u00a0<strong>Liderzy Innowacji Pomorza i Kujaw 2021\u00a0<\/strong>w kategorii Mikroprzedsi\u0119biorstwo. Podzi\u0119kowania dla ca\u0142ego zespo\u0142u za trud w\u0142o\u017cony w rozw\u00f3j tego pomys\u0142u. Dzi\u0119kuj\u0119 Piotrowi, Mateuszowi i Radkowi !<\/p>\n<p align=\"justify\"><img loading=\"lazy\" class=\"aligncenter wp-image-395 size-full\" src=\"https:\/\/torun.tech\/wp-content\/uploads\/2021\/11\/DSC05309podpis-scaled.jpg\" alt=\"\" width=\"2560\" height=\"1707\" srcset=\"https:\/\/torun.tech\/wp-content\/uploads\/2021\/11\/DSC05309podpis-scaled.jpg 2560w, https:\/\/torun.tech\/wp-content\/uploads\/2021\/11\/DSC05309podpis-1280x854.jpg 1280w, https:\/\/torun.tech\/wp-content\/uploads\/2021\/11\/DSC05309podpis-980x653.jpg 980w, https:\/\/torun.tech\/wp-content\/uploads\/2021\/11\/DSC05309podpis-480x320.jpg 480w\" sizes=\"(min-width: 0px) and (max-width: 480px) 480px, (min-width: 481px) and (max-width: 980px) 980px, (min-width: 981px) and (max-width: 1280px) 1280px, (min-width: 1281px) 2560px, 100vw\" \/><\/p>\n<\/div>\n<\/div>\n<p>[\/et_pb_text][\/et_pb_column][\/et_pb_row][\/et_pb_section]<\/p>\n","protected":false},"excerpt":{"rendered":"<p>Nowatorski system do zintegrowanej komunikacji i monitoringu audio-wideo czasu rzeczywistego dla pacjent\u00f3w COVID-19 System komunikacyjny specjalizowany dla o\u015brodk\u00f3w medycznych. W odr\u00f3\u017cnieniu od powszechnie dost\u0119pnych rozwi\u0105za\u0144 telekomunikacyjnych, umo\u017cliwia ci\u0105g\u0142y monitoring pacjent\u00f3w, natychmiastowy zdalny kontakt, zdalne konsultacje lekarskie oraz rozmowy z rodzin\u0105. Pacjent kontaktuje si\u0119 w intuicyjny spos\u00f3b poprzez bezprzewodowy przycisk. Umawianie konsultacji, rozm\u00f3w oraz monitoring realizowane [&hellip;]<\/p>\n","protected":false},"author":1,"featured_media":219,"parent":0,"menu_order":0,"comment_status":"closed","ping_status":"closed","template":"","meta":{"_et_pb_use_builder":"on","_et_pb_old_content":"<div class=\"et_pb_module et_pb_image et_pb_image_0\"><span class=\"et_pb_image_wrap \"><img class=\"wp-image-323\" title=\"logoEU\" src=\"https:\/\/torun.tech\/wp-content\/uploads\/2021\/05\/logoEU.jpg\" sizes=\"(min-width: 0px) and (max-width: 480px) 480px, (min-width: 481px) and (max-width: 980px) 980px, (min-width: 981px) 1163px, 100vw\" srcset=\"https:\/\/torun.tech\/wp-content\/uploads\/2021\/05\/logoEU.jpg 1163w, https:\/\/torun.tech\/wp-content\/uploads\/2021\/05\/logoEU-980x104.jpg 980w, https:\/\/torun.tech\/wp-content\/uploads\/2021\/05\/logoEU-480x51.jpg 480w\" alt=\"\" width=\"1163\" height=\"123\" \/><\/span><\/div><div class=\"et_pb_module et_pb_text et_pb_text_0  et_pb_text_align_left et_pb_bg_layout_light\"><div class=\"et_pb_text_inner\"><p>Zapytanie ofertowe nr 2\/FBiW<\/p><\/div><\/div><div class=\"et_pb_module et_pb_text et_pb_text_1  et_pb_text_align_right et_pb_bg_layout_light\"><div class=\"et_pb_text_inner\"><p align=\"justify\">W zwi\u0105zku z realizacj\u0105 projektu pn.: \u201cNowatorski system do zintegrowanej komunikacji i monitoringu audio-wideo czasu rzeczywistego dla pacjent\u00f3w COVID-19\u201d, wsp\u00f3\u0142finansowanego ze \u015brodk\u00f3w Europejskiego Funduszu Rozwoju Regionalnego w ramach projektu grantowego pn.: \u201cFundusz Bada\u0144 i Wdro\u017ce\u0144\u201d realizowanego przez Kujawsko-Pomorsk\u0105 Agencj\u0119 Innowacji Sp. z o.o. w ramach Osi Priorytetowej 1. Wzmocnienie innowacyjno\u015bci i konkurencyjno\u015bci gospodarki regionu, Dzia\u0142ania 1.2 Promowanie inwestycji przedsi\u0119biorstw w badania i innowacje, Poddzia\u0142anie 1.2.1 Wsparcie proces\u00f3w badawczo-rozwojowych, Regionalnego Programu Operacyjnego Wojew\u00f3dztwa Kujawsko-Pomorskiego na lata 2014-202, zwracamy si\u0119 z zapytaniem o przes\u0142anie ofert na \u015bwiadczenie us\u0142ug badawczych fazy bada\u0144 przemys\u0142owych i fazy eksperymentalnych prac rozwojowych w ramach ww. projektu.<\/p><p align=\"justify\">Pe\u0142na tre\u015b\u0107 zapytania do pobrania:\u00a0<a href=\"https:\/\/torun.tech\/usluga\/2-fbiw-zapytanie.pdf\">2-fbiw-zapytanie.pdf<\/a>, oraz formularz oferty wraz z za\u0142\u0105cznikami:\u00a0<a href=\"https:\/\/torun.tech\/usluga\/2-fbiw-zalaczniki.docx\">2-fbiw-zalaczniki.docx<\/a><\/p><p align=\"justify\">Termin sk\u0142adania ofert up\u0142ywa 23.06.2021r. godz. 8:00<\/p><p align=\"justify\">Informujemy, \u017ce w dniu 24.06.2021r., w wyniku przeprowadzonego post\u0119powania tj. zapytania ofertowego nr 2\/FBiW z dnia 12.06.2021r. wybrana zosta\u0142a oferta firmy VOBACOM sp. z o.o. Szczeg\u00f3\u0142y znajduj\u0105 si\u0119 w\u00a0<a href=\"https:\/\/torun.tech\/usluga\/informacjaskan.pdf\">informacji<\/a>.<\/p><\/div><\/div>","_et_gb_content_width":"","_locale":"en_US","_original_post":"https:\/\/torun.tech\/?page_id=370"},"_links":{"self":[{"href":"https:\/\/torun.tech\/wp-json\/wp\/v2\/pages\/418"}],"collection":[{"href":"https:\/\/torun.tech\/wp-json\/wp\/v2\/pages"}],"about":[{"href":"https:\/\/torun.tech\/wp-json\/wp\/v2\/types\/page"}],"author":[{"embeddable":true,"href":"https:\/\/torun.tech\/wp-json\/wp\/v2\/users\/1"}],"replies":[{"embeddable":true,"href":"https:\/\/torun.tech\/wp-json\/wp\/v2\/comments?post=418"}],"version-history":[{"count":5,"href":"https:\/\/torun.tech\/wp-json\/wp\/v2\/pages\/418\/revisions"}],"predecessor-version":[{"id":581,"href":"https:\/\/torun.tech\/wp-json\/wp\/v2\/pages\/418\/revisions\/581"}],"wp:featuredmedia":[{"embeddable":true,"href":"https:\/\/torun.tech\/wp-json\/wp\/v2\/media\/219"}],"wp:attachment":[{"href":"https:\/\/torun.tech\/wp-json\/wp\/v2\/media?parent=418"}],"curies":[{"name":"wp","href":"https:\/\/api.w.org\/{rel}","templated":true}]}}